{"id":5411,"date":"2018-06-06T15:47:16","date_gmt":"2018-06-06T13:47:16","guid":{"rendered":"http:\/\/www.olivier-richard.fr\/wpk2\/?page_id=5411"},"modified":"2018-10-30T11:33:03","modified_gmt":"2018-10-30T09:33:03","slug":"un-peu-dhistoire","status":"publish","type":"page","link":"https:\/\/www.lespapiersdelespoir.fr\/?page_id=5411","title":{"rendered":"Un peu d&rsquo;histoire"},"content":{"rendered":"<section class=\"l-section wpb_row height_medium\"><div class=\"l-section-h i-cf\"><div class=\"g-cols offset_medium\"><div class=\" full-width\"><div class=\"w-tabs layout_timeline icon_chevron iconpos_right \"><div class=\"w-tabs-list items_8\"><div class=\"w-tabs-list-h\"><div class=\"w-tabs-item active\" style=\"font-size: 1rem\"><a href=\"#1528294852488-31992006-e2b3\" class=\"w-tabs-item-h\"><span class=\"w-tabs-item-title\">2005<\/span><\/a><\/div>\n<div class=\"w-tabs-item\" style=\"font-size: 1rem\"><a href=\"#1528294852660-d8e0bb1d-5882\" class=\"w-tabs-item-h\"><span class=\"w-tabs-item-title\">2006<\/span><\/a><\/div>\n<div class=\"w-tabs-item\" style=\"font-size: 1rem\"><a href=\"#1528295767224-0d6aa169-0207\" class=\"w-tabs-item-h\"><span class=\"w-tabs-item-title\">2007<\/span><\/a><\/div>\n<div class=\"w-tabs-item\" style=\"font-size: 1rem\"><a href=\"#1528295855357-26713023-d9ad\" class=\"w-tabs-item-h\"><span class=\"w-tabs-item-title\">2008<\/span><\/a><\/div>\n<div class=\"w-tabs-item\" style=\"font-size: 1rem\"><a href=\"#1528295907097-7a47ce8e-4c10\" class=\"w-tabs-item-h\"><span class=\"w-tabs-item-title\">2009-2010<\/span><\/a><\/div>\n<div class=\"w-tabs-item\" style=\"font-size: 1rem\"><a href=\"#1528296137357-d074b173-b895\" class=\"w-tabs-item-h\"><span class=\"w-tabs-item-title\">2011-2012<\/span><\/a><\/div>\n<div class=\"w-tabs-item\" style=\"font-size: 1rem\"><a href=\"#1528296304778-d1c77295-754d\" class=\"w-tabs-item-h\"><span class=\"w-tabs-item-title\">2013-2016<\/span><\/a><\/div>\n<div class=\"w-tabs-item\" style=\"font-size: 1rem\"><a href=\"#1538728022772-24fa7243-c567\" class=\"w-tabs-item-h\"><span class=\"w-tabs-item-title\">2017-2018<\/span><\/a><\/div>\n<\/div><\/div><div class=\"w-tabs-sections\"><div class=\"w-tabs-sections-h\"><div class=\"w-tabs-section active\" id=\"1528294852488-31992006-e2b3\"><a href=\"#1528294852488-31992006-e2b3\" class=\"w-tabs-section-header\" style=\"font-size: 1rem\"><div class=\"w-tabs-section-header-h\"><h5 class=\"w-tabs-section-title\">2005<\/h5><div class=\"w-tabs-section-control\"><\/div><\/div><\/a><div class=\"w-tabs-section-content\"><div class=\"w-tabs-section-content-h i-cf\"><div class=\"wpb_text_column \"><div class=\"wpb_wrapper\"><p>Quelques n\u00e9o-retrait\u00e9s, impatients de se d\u00e9vouer \u00e0 une cause humanitaire, participent d\u00e8s 2001 \u00e0 l\u2019action humanitaire en collectant le papier usag\u00e9. Ils apprennent ainsi leur nouveau m\u00e9tier : le papier, les entreprises, la collecte, le tri, la livraison \u00e0 une soci\u00e9t\u00e9 de recyclage.<\/p>\n<p>En D\u00e9cembre 2004, ils seront 25 \u00e0 cr\u00e9er une nouvelle association \u00e0 Vertou.<\/p>\n<p>Ce sera \u00ab Papiers de l\u2019Espoir \u00bb.<\/p>\n<p>Le tri n\u2019a lieu qu\u2019une fois par semaine et se passe directement autour des bacs dans le local pr\u00eat\u00e9 par l\u2019un des membres de l\u2019association.<\/p>\n<p>D\u00e9j\u00e0 des bacs, les fameux \u2018CP6\u2019, sont mis \u00e0 la disposition du public dans ce local. D\u00e8s cette premi\u00e8re ann\u00e9e 2005 nous collectons 1500 tonnes de papier et le montant des aides humanitaires est de 22 500\u20ac .<\/p>\n<p>Les premi\u00e8res aides sont tourn\u00e9es vers le V\u00e9n\u00e9zu\u00e9la, le Cameroun, le S\u00e9n\u00e9gal et le Cambodge.<\/p>\n<p>La logistique, encore assez l\u00e9g\u00e8re, repose sur un seul b\u00e9n\u00e9vole. Les premi\u00e8res tourn\u00e9es ont surtout lieu vers les bureaux de poste, Mediapost et la SNCF.<\/p>\n<p>Progressivement, le carnet d\u2019adresses va grossir gr\u00e2ce aux entreprises venant nous rejoindre Nous avons besoin de 2 v\u00e9hicules suppl\u00e9mentaires : l\u2019un est achet\u00e9 sur fonds propres et l\u2019autre achet\u00e9 via un pr\u00eat du Cr\u00e9dit Mutuel.<\/p><\/div> <\/div> <\/div><\/div><\/div><div class=\"w-tabs-section\" id=\"1528294852660-d8e0bb1d-5882\"><a href=\"#1528294852660-d8e0bb1d-5882\" class=\"w-tabs-section-header\" style=\"font-size: 1rem\"><div class=\"w-tabs-section-header-h\"><h5 class=\"w-tabs-section-title\">2006<\/h5><div class=\"w-tabs-section-control\"><\/div><\/div><\/a><div class=\"w-tabs-section-content\"><div class=\"w-tabs-section-content-h i-cf\"><div class=\"g-cols wpb_row offset_medium vc_inner \"><div class=\" one-third\"><div class=\"wpb_text_column \"><div class=\"wpb_wrapper\"><p>L\u2019association grossit sans cesse. Nous sommes 56 b\u00e9n\u00e9voles en fin d\u2019ann\u00e9e et la collecte de 1600 tonnes de papier nous permet de porter nos aides \u00e0 36 000\u20ac. Nous pouvons participer \u00e0 de nouveaux projets : en Ha\u00efti, au Chili, au Cameroun, au Mali et avec le GREF en France.<\/p><\/div> <\/div> <div class=\"w-image \"><img loading=\"lazy\" decoding=\"async\" width=\"375\" height=\"241\" src=\"https:\/\/www.lespapiersdelespoir.fr\/wp-content\/uploads\/2018\/06\/photo-03.jpg\" class=\"attachment-large size-large\" alt=\"\" srcset=\"https:\/\/www.lespapiersdelespoir.fr\/wp-content\/uploads\/2018\/06\/photo-03.jpg 375w, https:\/\/www.lespapiersdelespoir.fr\/wp-content\/uploads\/2018\/06\/photo-03-300x193.jpg 300w\" sizes=\"auto, (max-width: 375px) 100vw, 375px\" \/><\/div><\/div><div class=\" one-third\"><div class=\"w-image \"><img loading=\"lazy\" decoding=\"async\" width=\"400\" height=\"255\" src=\"https:\/\/www.lespapiersdelespoir.fr\/wp-content\/uploads\/2018\/06\/Photo-04.jpg\" class=\"attachment-large size-large\" alt=\"\" srcset=\"https:\/\/www.lespapiersdelespoir.fr\/wp-content\/uploads\/2018\/06\/Photo-04.jpg 400w, https:\/\/www.lespapiersdelespoir.fr\/wp-content\/uploads\/2018\/06\/Photo-04-300x191.jpg 300w\" sizes=\"auto, (max-width: 400px) 100vw, 400px\" \/><\/div><div class=\"wpb_text_column \"><div class=\"wpb_wrapper\"><p>L\u2019association grossit sans cesse. Nous sommes 56 b\u00e9n\u00e9voles en fin d\u2019ann\u00e9e et la collecte de 1600 tonnes de papier nous permet de porter nos aides \u00e0 36 000\u20ac. Nous pouvons participer \u00e0 de nouveaux projets : en Ha\u00efti, au Chili, au Cameroun, au Mali et avec le GREF en France.<\/p><\/div> <\/div> <\/div><div class=\" one-third\"><div class=\"wpb_text_column \"><div class=\"wpb_wrapper\"><p>Le camion Merc\u00e9des est offert par la Soci\u00e9t\u00e9 Guitteny. Il vient renforcer nos possibilit\u00e9s de transport, en particulier pour aller chez Mediapost collecter plusieurs tonnes par voyage ou pour grouper les livraisons.<\/p><\/div> <\/div> <div class=\"w-image \"><img loading=\"lazy\" decoding=\"async\" width=\"450\" height=\"253\" src=\"https:\/\/www.lespapiersdelespoir.fr\/wp-content\/uploads\/2018\/06\/photo-05.jpg\" class=\"attachment-large size-large\" alt=\"\" srcset=\"https:\/\/www.lespapiersdelespoir.fr\/wp-content\/uploads\/2018\/06\/photo-05.jpg 450w, https:\/\/www.lespapiersdelespoir.fr\/wp-content\/uploads\/2018\/06\/photo-05-300x169.jpg 300w\" sizes=\"auto, (max-width: 450px) 100vw, 450px\" \/><\/div><div class=\"wpb_text_column \"><div class=\"wpb_wrapper\"><p>C\u2019est l\u2019\u00e9poque o\u00f9 les tourn\u00e9es se terminent presque toutes chez Delaire (recycleur) sauf lorsque l\u2019on sait que le chargement est \u00e0 trier.<\/p><\/div> <\/div> <\/div><\/div><\/div><\/div><\/div><div class=\"w-tabs-section\" id=\"1528295767224-0d6aa169-0207\"><a href=\"#1528295767224-0d6aa169-0207\" class=\"w-tabs-section-header\" style=\"font-size: 1rem\"><div class=\"w-tabs-section-header-h\"><h5 class=\"w-tabs-section-title\">2007<\/h5><div class=\"w-tabs-section-control\"><\/div><\/div><\/a><div class=\"w-tabs-section-content\"><div class=\"w-tabs-section-content-h i-cf\"><div class=\"g-cols wpb_row offset_medium vc_inner \"><div class=\" one-half\"><div class=\"wpb_text_column \"><div class=\"wpb_wrapper\">\n<p style=\"text-align: right;\">L\u2019association grossit toujours. Elle franchit le cap des<strong> 75 b\u00e9n\u00e9voles<\/strong> et celui des <strong>45 000\u20ac<\/strong> distribu\u00e9s car le volume collect\u00e9, en partie proportionnel au nombre de b\u00e9n\u00e9voles, passe \u00e0 <strong>1 800 tonnes.<\/strong><\/p>\n<\/div> <\/div> <div class=\"w-image  align_right\"><img loading=\"lazy\" decoding=\"async\" width=\"400\" height=\"398\" src=\"https:\/\/www.lespapiersdelespoir.fr\/wp-content\/uploads\/2018\/06\/Photo-06.jpg\" class=\"attachment-large size-large\" alt=\"\" srcset=\"https:\/\/www.lespapiersdelespoir.fr\/wp-content\/uploads\/2018\/06\/Photo-06.jpg 400w, https:\/\/www.lespapiersdelespoir.fr\/wp-content\/uploads\/2018\/06\/Photo-06-150x150.jpg 150w, https:\/\/www.lespapiersdelespoir.fr\/wp-content\/uploads\/2018\/06\/Photo-06-300x300.jpg 300w\" sizes=\"auto, (max-width: 400px) 100vw, 400px\" \/><\/div><\/div><div class=\" one-half\"><div class=\"w-image \"><img loading=\"lazy\" decoding=\"async\" width=\"450\" height=\"253\" src=\"https:\/\/www.lespapiersdelespoir.fr\/wp-content\/uploads\/2018\/06\/Photo-07.jpg\" class=\"attachment-large size-large\" alt=\"\" srcset=\"https:\/\/www.lespapiersdelespoir.fr\/wp-content\/uploads\/2018\/06\/Photo-07.jpg 450w, https:\/\/www.lespapiersdelespoir.fr\/wp-content\/uploads\/2018\/06\/Photo-07-300x169.jpg 300w\" sizes=\"auto, (max-width: 450px) 100vw, 450px\" \/><\/div><div class=\"wpb_text_column \"><div class=\"wpb_wrapper\"><p>Nous emm\u00e9nageons dans notre local actuel.<\/p>\n<p>Cet emm\u00e9nagement implique de nouveaux investissements : le \u00ab gerbeur \u00bb \u00e9lectrique remplace l\u2019\u00e9l\u00e9vateur manuel.<\/p>\n<p>L\u2019\u00e9quipe technique des b\u00e9n\u00e9voles va am\u00e9nager progressivement le local, nu au d\u00e9part. Ainsi seront construits la mezzanine pour stocker les bacs et offrir un espace pour le tri ainsi que l\u2019espace ext\u00e9rieur pour entreposer les bacs pour les particuliers.<\/p>\n<p>Nous aidons maintenant Solidarit\u00e9 Taneka au B\u00e9nin et C\u0153ur de Bambou au Vietnam.<\/p><\/div> <\/div> <\/div><\/div><\/div><\/div><\/div><div class=\"w-tabs-section\" id=\"1528295855357-26713023-d9ad\"><a href=\"#1528295855357-26713023-d9ad\" class=\"w-tabs-section-header\" style=\"font-size: 1rem\"><div class=\"w-tabs-section-header-h\"><h5 class=\"w-tabs-section-title\">2008<\/h5><div class=\"w-tabs-section-control\"><\/div><\/div><\/a><div class=\"w-tabs-section-content\"><div class=\"w-tabs-section-content-h i-cf\"><div class=\"g-cols wpb_row offset_medium vc_inner \"><div class=\" one-third\"><div class=\"wpb_text_column \"><div class=\"wpb_wrapper\">\n<h3>Ann\u00e9e de l\u2019inauguration et de l\u2019achat de la presse \u00e0 carton.<\/h3>\n<\/div> <\/div> <div class=\"wpb_text_column \"><div class=\"wpb_wrapper\"><p>Le carton n\u2019ayant aucune valeur marchande en vrac ne peut \u00eatre int\u00e9ressant que si nous sommes capables de le livrer par balles de 500 ou 600kgs pour atteindre 20 tonnes par livraison. Il nous faut donc acheter une presse \u00e0 carton pour atteindre ce but.<\/p>\n<p>L\u2019exploitation de cette presse demande plus de 4 heures de pr\u00e9paration pour faire une balle de 500kgs.<\/p>\n<p>H\u00e9las, la chute du prix des mati\u00e8res premi\u00e8res en fin d\u2019ann\u00e9e, due \u00e0 la crise \u00e9conomique, rend douteux cet investissement car le carton n\u2019a plus de valeur marchande.<\/p><\/div> <\/div> <\/div><div class=\" one-third\"><div class=\"w-image \"><img loading=\"lazy\" decoding=\"async\" width=\"300\" height=\"400\" src=\"https:\/\/www.lespapiersdelespoir.fr\/wp-content\/uploads\/2018\/06\/Photo-09.jpg\" class=\"attachment-large size-large\" alt=\"\" srcset=\"https:\/\/www.lespapiersdelespoir.fr\/wp-content\/uploads\/2018\/06\/Photo-09.jpg 300w, https:\/\/www.lespapiersdelespoir.fr\/wp-content\/uploads\/2018\/06\/Photo-09-225x300.jpg 225w\" sizes=\"auto, (max-width: 300px) 100vw, 300px\" \/><\/div><\/div><div class=\" one-third\"><div class=\"wpb_text_column \"><div class=\"wpb_wrapper\"><p>Nous apportons notre aide \u00e0 de nouvelles associations : Sol\u2019Enfance en Colombie, Soley Leve en Haiti et la Lune \u00e0 l\u2019Envers \u00e0 Madagascar,2 nouvelles \u00e9coles de brousse au S\u00e9n\u00e9gal, Gagu\u00e9 Mody et Mbam 2 et, en France, La Passerelle \u00e0 St Julien de Concelles.<\/p>\n<p>L\u2019inauguration en Octobre est l\u2019occasion de recevoir tous nos partenaires et de leur montrer nos nouvelles conditions de travail.<\/p><\/div> <\/div> <div class=\"w-image \"><img loading=\"lazy\" decoding=\"async\" width=\"375\" height=\"210\" src=\"https:\/\/www.lespapiersdelespoir.fr\/wp-content\/uploads\/2018\/06\/Photo-10.jpg\" class=\"attachment-large size-large\" alt=\"\" srcset=\"https:\/\/www.lespapiersdelespoir.fr\/wp-content\/uploads\/2018\/06\/Photo-10.jpg 375w, https:\/\/www.lespapiersdelespoir.fr\/wp-content\/uploads\/2018\/06\/Photo-10-300x168.jpg 300w\" sizes=\"auto, (max-width: 375px) 100vw, 375px\" \/><\/div><\/div><\/div><\/div><\/div><\/div><div class=\"w-tabs-section\" id=\"1528295907097-7a47ce8e-4c10\"><a href=\"#1528295907097-7a47ce8e-4c10\" class=\"w-tabs-section-header\" style=\"font-size: 1rem\"><div class=\"w-tabs-section-header-h\"><h5 class=\"w-tabs-section-title\">2009-2010<\/h5><div class=\"w-tabs-section-control\"><\/div><\/div><\/a><div class=\"w-tabs-section-content\"><div class=\"w-tabs-section-content-h i-cf\"><div class=\"g-cols wpb_row offset_medium vc_inner \"><div class=\" two-thirds\"><div class=\"wpb_text_column \"><div class=\"wpb_wrapper\"><p>Les investissements continuent avec l\u2019achat du poids lourd de 19 tonnes, le Scania. Nous continuons notre progression en nombre de b\u00e9n\u00e9voles et en tonnage de papier collect\u00e9. Le nombre de b\u00e9n\u00e9voles de Vertou passe \u00e0 115 et le tonnage collect\u00e9 en 2010 a \u00e9t\u00e9 de 2753 tonnes.<\/p>\n<p>Le prix du papier s\u2019\u00e9tant fortement redress\u00e9, nous sommes capables, toujours en 2010, d\u2019apporter une aide totale de 128.000\u20ac aux associations.<\/p>\n<p>L\u2019assembl\u00e9e g\u00e9n\u00e9rale tenue d\u00e9but 2011 mettra l\u2019accent sur nos actions au S\u00e9n\u00e9gal o\u00f9 nous soutenons maintenant l\u2019\u00e9ducation de plus de 1400 \u00e9l\u00e8ves et en Ha\u00efti o\u00f9, apr\u00e8s le s\u00e9isme de Janvier 2010 nous avons pu doubler l\u2019aide normale que nous avions pr\u00e9vue et lancer un programme sp\u00e9cial \u00e0 Gentillotte, en coop\u00e9ration avec la Ville de Vertou.<\/p>\n<p>Il y a maintenant deux s\u00e9ances de tri par semaine car nous devons trier environ 2.000t de papier par an.<\/p>\n<p>Nous renouvelons le parc de fourgons pour \u00e9quiper Saint Nazaire. Nous ouvrons une antenne \u00e0 Saint Nazaire qui est le centre d\u2019un secteur de plus en plus actif pour nous. Ce sont les d\u00e9lais de transport et l\u2019accroissement des co\u00fbts de transport qui nous am\u00e8nent \u00e0 ouvrir cette antenne courant 2010.<\/p>\n<p>D\u00e9j\u00e0 24 b\u00e9n\u00e9voles y apportent leur contribution et sont bas\u00e9s dans un local situ\u00e9 dans la gare de fret de la SNCF.<\/p><\/div> <\/div> <\/div><div class=\" one-third\"><div class=\"w-image \"><img loading=\"lazy\" decoding=\"async\" width=\"360\" height=\"297\" src=\"https:\/\/www.lespapiersdelespoir.fr\/wp-content\/uploads\/2018\/06\/Photo-11.jpg\" class=\"attachment-large size-large\" alt=\"\" srcset=\"https:\/\/www.lespapiersdelespoir.fr\/wp-content\/uploads\/2018\/06\/Photo-11.jpg 360w, https:\/\/www.lespapiersdelespoir.fr\/wp-content\/uploads\/2018\/06\/Photo-11-300x248.jpg 300w\" sizes=\"auto, (max-width: 360px) 100vw, 360px\" \/><\/div><\/div><\/div><\/div><\/div><\/div><div class=\"w-tabs-section\" id=\"1528296137357-d074b173-b895\"><a href=\"#1528296137357-d074b173-b895\" class=\"w-tabs-section-header\" style=\"font-size: 1rem\"><div class=\"w-tabs-section-header-h\"><h5 class=\"w-tabs-section-title\">2011-2012<\/h5><div class=\"w-tabs-section-control\"><\/div><\/div><\/a><div class=\"w-tabs-section-content\"><div class=\"w-tabs-section-content-h i-cf\"><div class=\"wpb_text_column \"><div class=\"wpb_wrapper\">\n<h4>Gr\u00e2ce \u00e0 l\u2019engagement de nos b\u00e9n\u00e9voles nos aides s\u2019amplifient passant de 180.000 \u00e0 250.000\u20ac.<\/h4>\n<p>Le nombre d\u2019associations aid\u00e9es passe de 18 \u00e0 38.<\/p>\n<p>L\u2019antenne de Saint-Nazaire prend son essor , elle collecte plus de 300T de papier en 2012.<\/p>\n<p>Nous agrandissons notre local.<\/p>\n<p>Nous accentuons nos aides en France, principalement envers les \u00e9tablissements \u2013 prenant en charge des jeunes plus ou moins handicap\u00e9s \u2013 qui sont brid\u00e9s dans leurs \u00e9volutions p\u00e9dagogiques par des contraintes financi\u00e8res.<\/p>\n<p><strong>Nous finan\u00e7ons :<\/strong><\/p>\n<ul>\n<li>Des salles Snoezelen pour les instituts sp\u00e9cialis\u00e9s recevant des handicap\u00e9s.<\/li>\n<li>Une plate-forme \u00e9l\u00e9vatrice.<\/li>\n<li>Un voyage d\u00e9couverte pour des non-voyants.<\/li>\n<li>Un jeu \u00e9ducatif pour adolescents.<\/li>\n<li>L\u2019accessibilit\u00e9 pour handicap\u00e9s dans les lieux publics \u00e0 Nantes.<\/li>\n<\/ul>\n<p>A Gentillote (Haiti) mise en \u0153uvre opini\u00e2tre de notre projet commun avec la ville de Vertou d\u2019une salle multi-fonctions (cantine, infirmerie,salle de r\u00e9unions) et de l\u2019adduction d\u2019eau potable.<\/div> <\/div> <\/div><\/div><\/div><div class=\"w-tabs-section\" id=\"1528296304778-d1c77295-754d\"><a href=\"#1528296304778-d1c77295-754d\" class=\"w-tabs-section-header\" style=\"font-size: 1rem\"><div class=\"w-tabs-section-header-h\"><h5 class=\"w-tabs-section-title\">2013-2016<\/h5><div class=\"w-tabs-section-control\"><\/div><\/div><\/a><div class=\"w-tabs-section-content\"><div class=\"w-tabs-section-content-h i-cf\"><div class=\"g-cols wpb_row offset_medium vc_inner \"><div class=\" full-width\"><div class=\"wpb_text_column \"><div class=\"wpb_wrapper\">\n<h4>La progression de nos activit\u00e9s est toujours r\u00e9guli\u00e8re car le nombre de b\u00e9n\u00e9voles augmente lui aussi r\u00e9guli\u00e8rement.<\/h4>\n<p>Les faits principaux de cette p\u00e9riode concernent deux axes : <strong>le d\u00e9veloppement de nos aides humanitaires et le contenu de nos assembl\u00e9es g\u00e9n\u00e9rales.<\/strong><\/p>\n<p>Nous avons pu, en 2015, distribuer 333 000\u20ac d\u2019aide humanitaire \u00e0 <strong>62 projets diff\u00e9rents<\/strong>.<br \/>\nCela repr\u00e9sente une charge importante d\u2019\u00e9tude des dossiers qui nous sont soumis, y compris ceux auxquels nous ne donnons pas suite, ainsi qu\u2019une charge de contr\u00f4le du bon d\u00e9roulement des ces projets. Cette derni\u00e8re responsabilit\u00e9 est confi\u00e9e, pour chaque projet, au B\u00e9n\u00e9vole \u2018R\u00e9f\u00e9rent\u2019 de ce projet.<br \/>\nLe cumul de nos aides depuis le d\u00e9but du fonctionnement de l\u2019association en 2005 jusqu\u2019au 31 D\u00e9cembre 2015, atteint plus de 1 700 000\u20ac.<\/p>\n<p>Par ailleurs, nous avons continu\u00e9 notre politique d\u2019information et de motivation des membres de l\u2019association en axant chaque assembl\u00e9e g\u00e9n\u00e9rale vers nos actions dans un pays particulier : ce fut Ha\u00efti en 2013, la France en 2014, le V\u00e9n\u00e9zu\u00e9la en 2015 et Madagascar en 2016.<\/div> <\/div> <\/div><\/div><div class=\"w-separator type_default size_medium thick_1 style_solid color_border cont_none\"><span class=\"w-separator-h\"><\/span><\/div><div class=\"g-cols wpb_row offset_medium vc_inner \"><div class=\" one-quarter\"><div class=\"w-image \"><img loading=\"lazy\" decoding=\"async\" width=\"1024\" height=\"768\" src=\"https:\/\/www.lespapiersdelespoir.fr\/wp-content\/uploads\/2018\/06\/haiti-gentillotte-sept-024-1024x768.jpg\" class=\"attachment-large size-large\" alt=\"\" srcset=\"https:\/\/www.lespapiersdelespoir.fr\/wp-content\/uploads\/2018\/06\/haiti-gentillotte-sept-024-1024x768.jpg 1024w, https:\/\/www.lespapiersdelespoir.fr\/wp-content\/uploads\/2018\/06\/haiti-gentillotte-sept-024-1024x768-300x225.jpg 300w, https:\/\/www.lespapiersdelespoir.fr\/wp-content\/uploads\/2018\/06\/haiti-gentillotte-sept-024-1024x768-768x576.jpg 768w, https:\/\/www.lespapiersdelespoir.fr\/wp-content\/uploads\/2018\/06\/haiti-gentillotte-sept-024-1024x768-600x450.jpg 600w\" sizes=\"auto, (max-width: 1024px) 100vw, 1024px\" \/><\/div><div class=\"wpb_text_column \"><div class=\"wpb_wrapper\"><em>La pompe \u00e0 eau provisoire<\/em><\/div> <\/div> <\/div><div class=\" one-half\"><div class=\"wpb_text_column \"><div class=\"wpb_wrapper\"><p>Pour Ha\u00efti, o\u00f9 nous aidons une \u00e9cole \u00e0 P\u00e9tionville (banlieue de Port au Prince) et une autre \u00e0 Gentillotte (plaine des Cayes) nous avons fait intervenir Jean-Marc Henry, Directeur de cette derni\u00e8re \u00e9cole. Jean-Marc a su nous expliquer la situation \u00e9conomique et sociale de son pays et faire le point sur les diff\u00e9rents projets r\u00e9alis\u00e9s ou en cours dans son \u00e9cole : agrandissement permanent en nombre de classes, et donc en nombre d\u2019\u00e9l\u00e8ves, utilisation du b\u00e2timent de la cantine dont nous avons assur\u00e9 le financement, en coop\u00e9ration avec la Ville de Vertou, et assur\u00e9 le bon d\u00e9roulement de la construction, forage d\u2019un puits pour assurer l\u2019alimentation de l\u2019\u00e9cole en eau potable, construction du ch\u00e2teau d\u2019eau et installation des panneaux solaires pour alimenter l\u2019\u00e9cole en \u00e9lectricit\u00e9.<\/p><\/div> <\/div> <\/div><div class=\" one-quarter\"><div class=\"w-image \"><img loading=\"lazy\" decoding=\"async\" width=\"1024\" height=\"768\" src=\"https:\/\/www.lespapiersdelespoir.fr\/wp-content\/uploads\/2018\/06\/haiti-gentillotte-suite-028-1024x768.jpg\" class=\"attachment-large size-large\" alt=\"\" srcset=\"https:\/\/www.lespapiersdelespoir.fr\/wp-content\/uploads\/2018\/06\/haiti-gentillotte-suite-028-1024x768.jpg 1024w, https:\/\/www.lespapiersdelespoir.fr\/wp-content\/uploads\/2018\/06\/haiti-gentillotte-suite-028-1024x768-300x225.jpg 300w, https:\/\/www.lespapiersdelespoir.fr\/wp-content\/uploads\/2018\/06\/haiti-gentillotte-suite-028-1024x768-768x576.jpg 768w, https:\/\/www.lespapiersdelespoir.fr\/wp-content\/uploads\/2018\/06\/haiti-gentillotte-suite-028-1024x768-600x450.jpg 600w\" sizes=\"auto, (max-width: 1024px) 100vw, 1024px\" \/><\/div><div class=\"wpb_text_column \"><div class=\"wpb_wrapper\"><em>Le b\u00e2timent en finition<\/em><\/div> <\/div> <\/div><\/div><div class=\"w-separator type_default size_medium thick_1 style_solid color_border cont_none\"><span class=\"w-separator-h\"><\/span><\/div><div class=\"g-cols wpb_row offset_medium vc_inner \"><div class=\" full-width\"><div class=\"wpb_text_column \"><div class=\"wpb_wrapper\"><p>Nos interventions en France sont de plus en plus nombreuses et vari\u00e9es en types d\u2019aides. Elles ont repr\u00e9sent\u00e9 28% de nos aides en 2014. C\u2019est pourquoi nous avons voulu, en 2014, faire le point sur certaines de ces actions. Nous avons ainsi pu entendre les responsables de l\u2019Institut des Hauts Th\u00e9baudi\u00e8res, des Apprentis d\u2019Auteuil, de La Passerelle \u00e0 Saint Julien de Concelle et du CENRO de Vertou. Ils nous ont d\u00e9taill\u00e9 les diff\u00e9rentes aides que nous leur avons apport\u00e9es : salles Snoezelen pour adolescents en mal de vivre et stress\u00e9s par leur(s) handicap(s), plate-forme \u00e9l\u00e9vatrice pour acc\u00e9der \u00e0 une sc\u00e8ne de th\u00e9atre, jeux de soci\u00e9t\u00e9 \u00e9ducatif, mise en \u0153uvre d\u2019une fili\u00e8re de formation au mara\u00eechage, atelier de r\u00e9paration de v\u00e9los, jeux de cour r\u00e9cr\u00e9ative, etc ..<\/p>\n<p>Pour le V\u00e9n\u00e9zu\u00e9la en 2015, nous avions invit\u00e9 Paul Priou et Jos\u00e9 Fonseca \u00e0 venir nous parler de ce pays en pleine mis\u00e8re \u00e9conomique, mis\u00e8re qui n\u2019a fait que s\u2019accentuer depuis. Jos\u00e9, instituteur depuis de nombreuses ann\u00e9es, nous a parl\u00e9 de la m\u00e9thode d\u2019apprentissage de la lecture et de l\u2019\u00e9criture qu\u2019il a patiemment mise au point pour entra\u00eener l\u2019adh\u00e9sion de jeunes, peu motiv\u00e9s, des favelas de Caracas et traduite dans une s\u00e9rie de livres \u00ab Histoires de vie \u00bb. Chaque livre de cette s\u00e9rie, environ 15 aujourd\u2019hui, retrace la vie de personnes simples du pays : un ma\u00e7on, un p\u00eacheur, une sage-femme, etc, et est con\u00e7u pour susciter l\u2019envie d\u2019apprendre . Nous participons aux frais d\u2019\u00e9dition de ces livres de plus en plus connus dans ce pays.<\/p>\n<p>Enfin, au cours de l\u2019Assembl\u00e9e G\u00e9n\u00e9rale 2016 nous avons focalis\u00e9 nos regards sur Madagascar. Nous avons pu faire le point sur l\u2019histoire, la g\u00e9ographie et l\u2019\u00e9conomie de cette grande \u00eele qu\u2019est Madagascar . Puis, chacune des 5 associations que nous y soutenons a expliqu\u00e9 les domaines dans lesquels elle oeuvrait : \u00e9ducation de quelques 2 000 \u00e9l\u00e8ves dans une dizaines d\u2019\u00e9coles dont certaines tr\u00e8s \u00e9troitement log\u00e9es, aide \u00e0 la r\u00e9insertion des prisonniers, soins aux enfants lourdement handicap\u00e9s, etc\u2026<\/p>\n<p>Chacune de ces interventions est une ouverture sur les besoins humanitaires couverts par toutes ces associations et un encouragement pour les membres de l\u2019association \u00e0 continuer les efforts qui permettent de soutenir ces actions. A la fiert\u00e9 de participer pleinement \u00e0 ce courant humanitaire s\u2019ajoute une motivation sans cesse renouvel\u00e9e pour nos b\u00e9n\u00e9voles.<\/p><\/div> <\/div> <\/div><\/div><div class=\"w-separator type_default size_medium thick_1 style_solid color_border cont_none\"><span class=\"w-separator-h\"><\/span><\/div><div class=\"g-cols wpb_row offset_large vc_inner \"><div class=\" one-half\"><div class=\"wpb_text_column \"><div class=\"wpb_wrapper\"><p>En Octobre 2014 nous avons f\u00eat\u00e9 les dix ans de l\u2019association . Tous les membres de l\u2019association et nos partenaires \u00e9taient invit\u00e9s \u00e0 participer \u00e0 cette f\u00eate. Un compte-rendu d\u00e9taill\u00e9 se trouve dans la rubrique \u00ab Actualit\u00e9s \u00bb mais nous pouvons rappeler ici les moments importants .<br \/>\nTout d\u2019abord, le local avait \u00e9t\u00e9 magnifiquement d\u00e9cor\u00e9 par l\u2019\u00e9quipe f\u00e9minine du tri qui avait, en particulier et dans le plus grand secret, confectionn\u00e9, uniquement en papier, ces mannequins repr\u00e9sentant les costumes des principaux pays o\u00f9 nous apportons des aides.<br \/>\nEnsuite, plusieurs ateliers montraient comment nous trions le papier et comment le papier pouvait \u00eatre fabriqu\u00e9 \u00e0 partir de celui que nous collectons. Plusieurs associations partenaires tenaient un stand o\u00f9 elles proposaient quelques produits locaux de leurs zones d\u2019intervention.<br \/>\nEnfin, Mr le Maire de Vertou, qui nous a fait l\u2019honneur et le plaisir d\u2019une visite, a d\u00e9cor\u00e9 de la m\u00e9daille du B\u00e9n\u00e9volat les b\u00e9n\u00e9voles fondateurs de l\u2019association et qui sont tous rest\u00e9s membres de l\u2019association.<\/p><\/div> <\/div> <\/div><div class=\" one-half\"><div class=\"w-image \"><img loading=\"lazy\" decoding=\"async\" width=\"1024\" height=\"768\" src=\"https:\/\/www.lespapiersdelespoir.fr\/wp-content\/uploads\/2018\/06\/octobre-10-028-1024x768.jpg\" class=\"attachment-large size-large\" alt=\"\" srcset=\"https:\/\/www.lespapiersdelespoir.fr\/wp-content\/uploads\/2018\/06\/octobre-10-028-1024x768.jpg 1024w, https:\/\/www.lespapiersdelespoir.fr\/wp-content\/uploads\/2018\/06\/octobre-10-028-1024x768-300x225.jpg 300w, https:\/\/www.lespapiersdelespoir.fr\/wp-content\/uploads\/2018\/06\/octobre-10-028-1024x768-768x576.jpg 768w, https:\/\/www.lespapiersdelespoir.fr\/wp-content\/uploads\/2018\/06\/octobre-10-028-1024x768-600x450.jpg 600w\" sizes=\"auto, (max-width: 1024px) 100vw, 1024px\" \/><\/div><div class=\"wpb_text_column \"><div class=\"wpb_wrapper\"><em>Les mannequins du 10\u00e8me anniversaire<\/em><\/div> <\/div> <\/div><\/div><\/div><\/div><\/div><div class=\"w-tabs-section\" id=\"1538728022772-24fa7243-c567\"><a href=\"#1538728022772-24fa7243-c567\" class=\"w-tabs-section-header\" style=\"font-size: 1rem\"><div class=\"w-tabs-section-header-h\"><h5 class=\"w-tabs-section-title\">2017-2018<\/h5><div class=\"w-tabs-section-control\"><\/div><\/div><\/a><div class=\"w-tabs-section-content\"><div class=\"w-tabs-section-content-h i-cf\"><div class=\"wpb_text_column \"><div class=\"wpb_wrapper\"><p>En 2017, Papiers de l\u2019Espoir a allou\u00e9 des aides humanitaires pour un total de 427\u00a0700 \u20ac r\u00e9parti sur 64 associations et ce gr\u00e2ce \u00e0 une collecte de 3\u00a0900 tonnes de papier.<\/p>\n<p>Aujourd\u2019hui, \u00e0 fin 2018, Papiers de l\u2019Espoir compte environ 420 membres dont 225 sont des b\u00e9n\u00e9voles actifs, 185 \u00e0 Vertou et 40 \u00e0 Saint Nazaire. Le produit de la collecte de papier est en sensible diminution suite \u00e0 la baisse du tonnage collect\u00e9 et \u00e0 la diminution du prix de vente. L\u2019association pr\u00e9voit de distribuer 300\u00a0000 \u20ac d\u2019aides.<\/p><\/div> <\/div> <\/div><\/div><\/div><\/div><\/div><\/div><\/div><\/div><\/div><\/section>\n","protected":false},"excerpt":{"rendered":"2005 2006 2007 2008 2009-2010 2011-2012 2013-2016 2017-2018 2005Quelques n\u00e9o-retrait\u00e9s, impatients de se d\u00e9vouer \u00e0 une cause humanitaire, participent d\u00e8s 2001 \u00e0 l\u2019action humanitaire en collectant le papier usag\u00e9. Ils apprennent ainsi leur nouveau m\u00e9tier : le papier, les entreprises,...","protected":false},"author":1,"featured_media":0,"parent":0,"menu_order":0,"comment_status":"closed","ping_status":"closed","template":"","meta":{"footnotes":""},"class_list":["post-5411","page","type-page","status-publish","hentry"],"_links":{"self":[{"href":"https:\/\/www.lespapiersdelespoir.fr\/index.php?rest_route=\/wp\/v2\/pages\/5411","targetHints":{"allow":["GET"]}}],"collection":[{"href":"https:\/\/www.lespapiersdelespoir.fr\/index.php?rest_route=\/wp\/v2\/pages"}],"about":[{"href":"https:\/\/www.lespapiersdelespoir.fr\/index.php?rest_route=\/wp\/v2\/types\/page"}],"author":[{"embeddable":true,"href":"https:\/\/www.lespapiersdelespoir.fr\/index.php?rest_route=\/wp\/v2\/users\/1"}],"replies":[{"embeddable":true,"href":"https:\/\/www.lespapiersdelespoir.fr\/index.php?rest_route=%2Fwp%2Fv2%2Fcomments&post=5411"}],"version-history":[{"count":6,"href":"https:\/\/www.lespapiersdelespoir.fr\/index.php?rest_route=\/wp\/v2\/pages\/5411\/revisions"}],"predecessor-version":[{"id":5709,"href":"https:\/\/www.lespapiersdelespoir.fr\/index.php?rest_route=\/wp\/v2\/pages\/5411\/revisions\/5709"}],"wp:attachment":[{"href":"https:\/\/www.lespapiersdelespoir.fr\/index.php?rest_route=%2Fwp%2Fv2%2Fmedia&parent=5411"}],"curies":[{"name":"wp","href":"https:\/\/api.w.org\/{rel}","templated":true}]}}