{"id":5405,"date":"2018-06-06T14:38:28","date_gmt":"2018-06-06T12:38:28","guid":{"rendered":"http:\/\/www.olivier-richard.fr\/wpk2\/?page_id=5405"},"modified":"2019-10-29T11:41:23","modified_gmt":"2019-10-29T09:41:23","slug":"qui-sommes-nous-2-2","status":"publish","type":"page","link":"https:\/\/www.lespapiersdelespoir.fr\/?page_id=5405","title":{"rendered":"Qui sommes-nous"},"content":{"rendered":"<section class=\"l-section wpb_row height_medium\"><div class=\"l-section-h i-cf\"><div class=\"g-cols offset_medium\"><div class=\" full-width\"><div class=\"w-tabs navpos_left navwidth_10 title_left layout_ver icon_chevron iconpos_right \"><div class=\"w-tabs-list items_6\"><div class=\"w-tabs-list-h\"><div class=\"w-tabs-item active\"><a href=\"#1528291757430-4c584ff9-f114\" class=\"w-tabs-item-h\"><span class=\"w-tabs-item-title\">Nos raisons d'\u00eatre<\/span><\/a><\/div>\n<div class=\"w-tabs-item\"><a href=\"#1528294716725-dfe598c5-caec\" class=\"w-tabs-item-h\"><span class=\"w-tabs-item-title\">Notre structure<\/span><\/a><\/div>\n<div class=\"w-tabs-item\"><a href=\"#1528301845238-37952e3b-eff6\" class=\"w-tabs-item-h\"><span class=\"w-tabs-item-title\">Notre mode de fonctionnement<\/span><\/a><\/div>\n<div class=\"w-tabs-item\"><a href=\"#1528302867882-0b084ec2-64ca\" class=\"w-tabs-item-h\"><span class=\"w-tabs-item-title\">Notre action dans le domaine scolaire<\/span><\/a><\/div>\n<div class=\"w-tabs-item\"><a href=\"#1528303041097-17c72d95-1cd6\" class=\"w-tabs-item-h\"><span class=\"w-tabs-item-title\">Le d\u00e9veloppement<\/span><\/a><\/div>\n<div class=\"w-tabs-item\"><a href=\"#1528303381184-b8eff0a1-0b34\" class=\"w-tabs-item-h\"><span class=\"w-tabs-item-title\">Nos partenaires<\/span><\/a><\/div>\n<\/div><\/div><div class=\"w-tabs-sections\"><div class=\"w-tabs-sections-h\"><div class=\"w-tabs-section active\" id=\"1528291757430-4c584ff9-f114\"><a href=\"#1528291757430-4c584ff9-f114\" class=\"w-tabs-section-header\"><div class=\"w-tabs-section-header-h\"><h5 class=\"w-tabs-section-title\">Nos raisons d'\u00eatre<\/h5><div class=\"w-tabs-section-control\"><\/div><\/div><\/a><div class=\"w-tabs-section-content\"><div class=\"w-tabs-section-content-h i-cf\"><div class=\"wpb_text_column \"><div class=\"wpb_wrapper\">\n<h3><strong>Papiers de l\u2019Espoir<\/strong> est une Association enti\u00e8rement tourn\u00e9e vers son objectif humanitaire : participer \u00e0 des projets \u00e9ducatifs \u00e0 travers le monde car \u00ab donner une \u00e9ducation aux jeunes \u00bb est le seul moyen de leur permettre d\u2019atteindre un avenir meilleur.<\/h3>\n<p>Le deuxi\u00e8me objectif est de participer pleinement \u00e0 l\u2019effort que tous les citoyens doivent fournir pour assurer l\u2019avenir de la plan\u00e8te. Nous invitons nos partenaires \u00e0 faire ce geste simple : <strong>collecter le papier au lieu de le jeter.<\/strong><\/p>\n<p>L\u2019utilisation du papier que nous collectons permet une \u00e9conomie importante d\u2019eau et d\u2019\u00e9nergie dans la production du papier : pr\u00e8s de 200m3 d\u2019eau et plus de 250 litres de p\u00e9trole \u00e9conomis\u00e9s par tonne de papier collect\u00e9 \u2026<\/p>\n<h4 style=\"text-align: center;\">La vente de ce papier est notre seule ressource.<\/h4>\n<p><strong>Le prix du papier d\u00e9pend de sa cat\u00e9gorie.<\/strong><\/p>\n<p>Il y a 4 grandes cat\u00e9gories parmi lesquelles le \u00ab papier \u00e9crit blanc \u00bb est la cat\u00e9gorie ayant la plus grande valeur marchande. C\u2019est pourquoi nous consacrons de grands efforts pour trier plus de 2000 tonnes par an pour en extraire environ 400 tonnes. Nous sommes encore plus heureux si nos partenaires font eux-m\u00eames ce tri.<\/p>\n<p>Nous encourageons cette collecte aupr\u00e8s des particuliers en mettant \u00e0 leur disposition sur la commune de Vertou des bacs que nous vidons r\u00e9guli\u00e8rement. Devant le succ\u00e8s de ce mode de participation de nos citoyens nous envisageons de multiplier le nombre de points de collecte et, pourquoi pas, d\u2019\u00e9tendre ce mode de collecte aux villes environnantes.<\/p>\n<p><strong>Dans le but de voir les r\u00e9alit\u00e9s de l\u2019association, nous vous invitons \u00e0 visionner le film ci-dessous r\u00e9alis\u00e9 par des professionnels.<\/strong><\/div> <\/div> <div class=\"w-video ratio_16x9\"><div class=\"w-video-h\"><iframe loading=\"lazy\" width=\"420\" height=\"315\" src=\"\/\/www.youtube.com\/embed\/NgSBj5FOLog\" allowfullscreen><\/iframe><\/div><\/div><\/div><\/div><\/div><div class=\"w-tabs-section\" id=\"1528294716725-dfe598c5-caec\"><a href=\"#1528294716725-dfe598c5-caec\" class=\"w-tabs-section-header\"><div class=\"w-tabs-section-header-h\"><h5 class=\"w-tabs-section-title\">Notre structure<\/h5><div class=\"w-tabs-section-control\"><\/div><\/div><\/a><div class=\"w-tabs-section-content\"><div class=\"w-tabs-section-content-h i-cf\"><div class=\"g-cols wpb_row offset_medium vc_inner \"><div class=\" two-thirds\"><div class=\"wpb_text_column \"><div class=\"wpb_wrapper\">\n<h3>Nous sommes une association Loi 1901 reconnue d\u2019 int\u00e9ret g\u00e9n\u00e9ral.<\/h3>\n<p>Une assembl\u00e9e g\u00e9n\u00e9rale \u00e9lit les 17 Membres du Conseil d\u2019Administration qui, lui-m\u00eame, \u00e9lit un Bureau de 7 membres.<\/p>\n<p>L\u2019association rassemble, d\u00e9but 2018, plus de 400 membres actifs dont 225 b\u00e9n\u00e9voles, c\u2019est \u00e0 dire des membres participant de mani\u00e8re active aux op\u00e9rations de collecte et de tri du papier.<\/p>\n<p>Sept commissions sp\u00e9cialis\u00e9es ont \u00e9t\u00e9 cr\u00e9\u00e9es pour faire vivre l\u2019association : la logistique, les finances, la technique, la communication, les aides humanitaires, le d\u00e9veloppement et la s\u00e9curit\u00e9.<\/p>\n<p>L\u2019\u00e2ge moyen des b\u00e9n\u00e9voles est de 69 ans. Ils sont de toutes origines professionnelles ce qui permet d\u2019avoir des sp\u00e9cialistes dans tous les domaines d\u2019activit\u00e9 pour faire vivre l\u2019association. Les femmes repr\u00e9sentent 20% des b\u00e9n\u00e9voles et sont en nombre croissant.<\/p>\n<p>Chaque b\u00e9n\u00e9vole consacre 1 \u00e0 2 demi-journ\u00e9es par semaine :<\/p>\n<ul>\n<li><strong>soit pour rouler,<\/strong>\u00a05 \u00e9quipes partent tous les jours de Vertou, 2 de Saint Nazaire<\/li>\n<li><strong>soit pour trier,<\/strong>\u00a0deux demi-journ\u00e9es de tri par semaine<\/li>\n<\/ul>\n<p>L\u2019ann\u00e9e est ponctu\u00e9e de r\u00e9unions des b\u00e9n\u00e9voles pour les informer de l\u2019avance de notre travail et donner toutes les informations importantes concernant l\u2019association<\/div> <\/div> <\/div><div class=\" one-third\"><div class=\"w-image \"><img loading=\"lazy\" decoding=\"async\" width=\"360\" height=\"309\" src=\"https:\/\/www.lespapiersdelespoir.fr\/wp-content\/uploads\/2018\/06\/Photo-13.jpg\" class=\"attachment-large size-large\" alt=\"\" srcset=\"https:\/\/www.lespapiersdelespoir.fr\/wp-content\/uploads\/2018\/06\/Photo-13.jpg 360w, https:\/\/www.lespapiersdelespoir.fr\/wp-content\/uploads\/2018\/06\/Photo-13-300x258.jpg 300w\" sizes=\"auto, (max-width: 360px) 100vw, 360px\" \/><\/div><\/div><\/div><\/div><\/div><\/div><div class=\"w-tabs-section\" id=\"1528301845238-37952e3b-eff6\"><a href=\"#1528301845238-37952e3b-eff6\" class=\"w-tabs-section-header\"><div class=\"w-tabs-section-header-h\"><h5 class=\"w-tabs-section-title\">Notre mode de fonctionnement<\/h5><div class=\"w-tabs-section-control\"><\/div><\/div><\/a><div class=\"w-tabs-section-content\"><div class=\"w-tabs-section-content-h i-cf\"><div class=\"g-cols wpb_row offset_medium vc_inner \"><div class=\" full-width\"><div class=\"wpb_text_column  vc_custom_1528302524423\"><div class=\"wpb_wrapper\">\n<h2 style=\"text-align: center;\"><strong>Nos activit\u00e9s principales sont :<\/strong><\/h2>\n<\/div> <\/div> <\/div><\/div><div class=\"g-cols wpb_row offset_medium vc_inner \"><div class=\" one-quarter\"><div class=\"wpb_text_column \"><div class=\"wpb_wrapper\">\n<h3 style=\"text-align: center;\">Collecter<\/h3>\n<p style=\"text-align: center;\">le papier dans les entreprises ou dans des lieux de collecte ouverts aux particuliers.<\/p>\n<\/div> <\/div> <\/div><div class=\" one-quarter\"><div class=\"wpb_text_column \"><div class=\"wpb_wrapper\">\n<h3 style=\"text-align: center;\">\u00a0Tranf\u00e9rer<\/h3>\n<p style=\"text-align: center;\">le contenu des \u00ab bacs \u00e0 roulettes \u00bb qui sont \u00e0 la disposition du public ou de nos partenaires dans des bacs du type \u00ab palox \u00bb format standard de manipulation pour les recycleurs.<\/p>\n<\/div> <\/div> <\/div><div class=\" one-quarter\"><div class=\"wpb_text_column \"><div class=\"wpb_wrapper\">\n<h3 style=\"text-align: center;\">Trier<\/h3>\n<p style=\"text-align: center;\">le papier collect\u00e9 pour le r\u00e9partir dans les diff\u00e9rentes cat\u00e9gories d\u00e9crites plus haut: \u00e9crit blanc, journaux, revues, archives, etc\u2026 Pour cela nous organisons, aussi bien \u00e0 Vertou qu\u2019\u00e0 St-Nazaire, 2 demi-journ\u00e9es de tri par semaine auxquelles 20 \u00e0 30 b\u00e9n\u00e9voles participent r\u00e9guli\u00e8rement.<\/p>\n<\/div> <\/div> <\/div><div class=\" one-quarter\"><div class=\"wpb_text_column \"><div class=\"wpb_wrapper\">\n<h3 style=\"text-align: center;\">Livrer<\/h3>\n<p style=\"text-align: center;\">notre collecte chez des recycleurs lorsque nous avons accumul\u00e9 le volume correspondant \u00e0 un chargement de poids-lourd.<\/p>\n<\/div> <\/div> <\/div><\/div><div class=\"w-separator type_default size_medium thick_1 style_solid color_border cont_none\"><span class=\"w-separator-h\"><\/span><\/div><div class=\"g-cols wpb_row offset_medium vc_inner \"><div class=\" two-thirds\"><div class=\"wpb_text_column \"><div class=\"wpb_wrapper\"><p>Nos fourgons ou camions partent tous les jours pour la collecte de papier. Le planning des tourn\u00e9es de la semaine est fait par le b\u00e9n\u00e9vole de permanence \u00e0 la logistique. C\u2019est une lourde t\u00e2che r\u00e9alis\u00e9e \u00e0 la suite des appels re\u00e7us de nos partenaires dont le stock de papier atteint sa capacit\u00e9 maxima.<\/p>\n<p>Ces tourn\u00e9es se font par \u00e9quipes de deux constitu\u00e9es au fur et \u00e0 mesure des besoins en collecte et des disponibilit\u00e9s des b\u00e9n\u00e9voles. Elles nous am\u00e8nent chaque semaine dans une moyenne de 160 communes de la r\u00e9gion. Elles font l\u2019objet d\u2019un suivi de nos collectes afin que nous soyons capables d\u2019indiquer \u00e0 nos partenaires la quantit\u00e9 de papier r\u00e9ellement collect\u00e9e.<\/p>\n<p>Nous recensons au total plus de 900 points de collecte.<\/p>\n<p>L\u2019ensemble de ces conditions nous oblige \u00e0 respecter une organisation logistique tr\u00e8s stricte.<\/p><\/div> <\/div> <\/div><div class=\" one-third\"><div class=\"w-image \"><img loading=\"lazy\" decoding=\"async\" width=\"350\" height=\"265\" src=\"https:\/\/www.lespapiersdelespoir.fr\/wp-content\/uploads\/2018\/06\/Photo-15.jpg\" class=\"attachment-large size-large\" alt=\"\" srcset=\"https:\/\/www.lespapiersdelespoir.fr\/wp-content\/uploads\/2018\/06\/Photo-15.jpg 350w, https:\/\/www.lespapiersdelespoir.fr\/wp-content\/uploads\/2018\/06\/Photo-15-300x227.jpg 300w\" sizes=\"auto, (max-width: 350px) 100vw, 350px\" \/><\/div><\/div><\/div><\/div><\/div><\/div><div class=\"w-tabs-section\" id=\"1528302867882-0b084ec2-64ca\"><a href=\"#1528302867882-0b084ec2-64ca\" class=\"w-tabs-section-header\"><div class=\"w-tabs-section-header-h\"><h5 class=\"w-tabs-section-title\">Notre action dans le domaine scolaire<\/h5><div class=\"w-tabs-section-control\"><\/div><\/div><\/a><div class=\"w-tabs-section-content\"><div class=\"w-tabs-section-content-h i-cf\"><div class=\"g-cols wpb_row offset_medium vc_inner \"><div class=\" two-thirds\"><div class=\"wpb_text_column \"><div class=\"wpb_wrapper\"><p>En coh\u00e9rence avec notre volont\u00e9 de d\u00e9velopper les projets \u00e9ducatifs nous nous sentons investis d\u2019une mission de propagation aupr\u00e8s du monde \u00e9ducatif de nos messages humanitaire et \u00e9cologique.<\/p>\n<p>Du primaire \u00e0 l\u2019enseignement sup\u00e9rieur, nous sommes pr\u00eats \u00e0 exposer aux \u00e9l\u00e8ves nos objectifs, notre m\u00e9thode de travail et nos projets.Nous avons ainsi rencontr\u00e9 plus de\u00a0<strong>2 000 \u00e9l\u00e8ves en 2015<\/strong>\u00a0pour les initier au monde humanitaire et au d\u00e9veloppement durable.<\/p>\n<p>Notre objectif est d\u2019inciter les scolaires, avec l\u2019appui du corps professoral, \u00e0 mettre en place au sein des \u00e9tablissements une organisation simple pour centraliser la collecte du papier, en s\u00e9parant le papier blanc des autres papiers. Nous passons ensuite au fil de nos tourn\u00e9es comme chez n\u2019importe quel autre partenaire.<\/p>\n<p>Nous avons ainsi entra\u00een\u00e9 dans cette d\u00e9marche environ<strong>\u00a070 \u00e9tablissements scolaires<\/strong>\u00a0qui nous confient leur papier usag\u00e9. Certaines municipalit\u00e9s nous associent d\u2019ailleurs dans cette d\u00e9marche vers les scolaires.<\/p>\n<p>Nous accueillons m\u00eame ponctuellement des \u00e9l\u00e8ves venant s\u2019initier dans notre local \u00e0 la r\u00e9alit\u00e9 du tri.<\/p><\/div> <\/div> <\/div><div class=\" one-third\"><div class=\"w-image \"><img loading=\"lazy\" decoding=\"async\" width=\"350\" height=\"262\" src=\"https:\/\/www.lespapiersdelespoir.fr\/wp-content\/uploads\/2018\/06\/Photo-16.jpg\" class=\"attachment-large size-large\" alt=\"\" srcset=\"https:\/\/www.lespapiersdelespoir.fr\/wp-content\/uploads\/2018\/06\/Photo-16.jpg 350w, https:\/\/www.lespapiersdelespoir.fr\/wp-content\/uploads\/2018\/06\/Photo-16-300x225.jpg 300w\" sizes=\"auto, (max-width: 350px) 100vw, 350px\" \/><\/div><div class=\"w-image \"><img loading=\"lazy\" decoding=\"async\" width=\"375\" height=\"281\" src=\"https:\/\/www.lespapiersdelespoir.fr\/wp-content\/uploads\/2018\/06\/Photo-17.jpg\" class=\"attachment-large size-large\" alt=\"\" srcset=\"https:\/\/www.lespapiersdelespoir.fr\/wp-content\/uploads\/2018\/06\/Photo-17.jpg 375w, https:\/\/www.lespapiersdelespoir.fr\/wp-content\/uploads\/2018\/06\/Photo-17-300x225.jpg 300w\" sizes=\"auto, (max-width: 375px) 100vw, 375px\" \/><\/div><\/div><\/div><\/div><\/div><\/div><div class=\"w-tabs-section\" id=\"1528303041097-17c72d95-1cd6\"><a href=\"#1528303041097-17c72d95-1cd6\" class=\"w-tabs-section-header\"><div class=\"w-tabs-section-header-h\"><h5 class=\"w-tabs-section-title\">Le d\u00e9veloppement<\/h5><div class=\"w-tabs-section-control\"><\/div><\/div><\/a><div class=\"w-tabs-section-content\"><div class=\"w-tabs-section-content-h i-cf\"><div class=\"g-cols wpb_row offset_medium vc_inner \"><div class=\" full-width\"><div class=\"wpb_text_column \"><div class=\"wpb_wrapper\"><p>Les pages pr\u00e9c\u00e9dentes vous ont montr\u00e9 notre souci humanitaire vers l\u2019ext\u00e9rieur de l\u2019association auquel correspond le souci de convivialit\u00e9 \u00e0 l\u2019int\u00e9rieur d\u2019elle.<\/p>\n<p>Nous sommes de plus en plus nombreux, aussi devons-nous \u00eatre attentifs \u00e0 notre \u00e9volution comme dans toute soci\u00e9t\u00e9 de plus de 200 membres, c\u2019est \u00e0 dire qu\u2019il nous faut:<\/p>\n<p><strong>Entretenir la convivialit\u00e9\u00a0<\/strong>entre les membres par des r\u00e9unions r\u00e9guli\u00e8res et des rencontres de d\u00e9tente<\/p>\n<p><strong>Garantir la s\u00e9curit\u00e9<\/strong>\u00a0pendant nos op\u00e9rations.<\/p>\n<p><strong>Assurer nos engagements sur le long terme<\/strong>\u00a0vis \u00e0 vis des associations par une gestion rigoureuse des finances<\/p>\n<p><strong>Optimiser les op\u00e9rations de collecte,<\/strong>\u00a0face \u00e0 la multiplicit\u00e9 et la modicit\u00e9 des lieux de collecte :<\/p>\n<p>nous avons\u00a0<strong>collect\u00e9<\/strong>, en 2017, notre papier dans<strong>\u00a0plus de 1 300 lieux g\u00e9ographiques<\/strong>\u00a0!<\/p>\n<p><strong>Maintenir notre contr\u00f4le sur l\u2019efficacit\u00e9 des sommes vers\u00e9es<\/strong>, ce qui nous am\u00e8ne parfois \u00e0 abandonner certains projets. Cette t\u00e2che est d\u00e9volue au\u00a0<strong>R\u00e9f\u00e9rent<\/strong><\/p>\n<h3 style=\"text-align: center;\">Chaque soutien apport\u00e9 \u00e0 une association ou un \u00e9tablissement est suivi par un b\u00e9n\u00e9vole qui veille \u00e0 l\u2019utilisation des fonds<\/h3>\n<p><span style=\"color: #ff0000;\"><strong>Formation \u00e0 la s\u00e9curit\u00e9 :<\/strong><\/span><\/p><\/div> <\/div> <div class=\"w-gallery layout_default cols_3 link_media animate_revealgrid\"><div class=\"w-gallery-list\"><a class=\"w-gallery-item order_1 animate_reveal\" href=\"https:\/\/www.lespapiersdelespoir.fr\/wp-content\/uploads\/2018\/06\/papiers-securite-2013-1024x768.jpg\" title=\"papiers-securite-2013-1024x768\"><img loading=\"lazy\" decoding=\"async\" width=\"600\" height=\"600\" src=\"https:\/\/www.lespapiersdelespoir.fr\/wp-content\/uploads\/2018\/06\/papiers-securite-2013-1024x768-600x600.jpg\" class=\"w-gallery-item-img\" alt=\"\" srcset=\"https:\/\/www.lespapiersdelespoir.fr\/wp-content\/uploads\/2018\/06\/papiers-securite-2013-1024x768-600x600.jpg 600w, https:\/\/www.lespapiersdelespoir.fr\/wp-content\/uploads\/2018\/06\/papiers-securite-2013-1024x768-150x150.jpg 150w, https:\/\/www.lespapiersdelespoir.fr\/wp-content\/uploads\/2018\/06\/papiers-securite-2013-1024x768-350x350.jpg 350w\" sizes=\"auto, (max-width: 600px) 100vw, 600px\" \/><span class=\"w-gallery-item-hover\"><\/span><span class=\"w-gallery-item-title\">papiers-securite-2013-1024x768<\/span><\/a><a class=\"w-gallery-item order_2 animate_reveal\" href=\"https:\/\/www.lespapiersdelespoir.fr\/wp-content\/uploads\/2018\/06\/Photo-18.jpg\" title=\"Photo-18\"><img loading=\"lazy\" decoding=\"async\" width=\"300\" height=\"220\" src=\"https:\/\/www.lespapiersdelespoir.fr\/wp-content\/uploads\/2018\/06\/Photo-18.jpg\" class=\"w-gallery-item-img\" alt=\"\" \/><span class=\"w-gallery-item-hover\"><\/span><span class=\"w-gallery-item-title\">Photo-18<\/span><\/a><a class=\"w-gallery-item order_3 animate_reveal\" href=\"https:\/\/www.lespapiersdelespoir.fr\/wp-content\/uploads\/2018\/06\/Photo-19.jpg\" title=\"Photo-19\"><img loading=\"lazy\" decoding=\"async\" width=\"325\" height=\"206\" src=\"https:\/\/www.lespapiersdelespoir.fr\/wp-content\/uploads\/2018\/06\/Photo-19.jpg\" class=\"w-gallery-item-img\" alt=\"\" srcset=\"https:\/\/www.lespapiersdelespoir.fr\/wp-content\/uploads\/2018\/06\/Photo-19.jpg 325w, https:\/\/www.lespapiersdelespoir.fr\/wp-content\/uploads\/2018\/06\/Photo-19-300x190.jpg 300w\" sizes=\"auto, (max-width: 325px) 100vw, 325px\" \/><span class=\"w-gallery-item-hover\"><\/span><span class=\"w-gallery-item-title\">Photo-19<\/span><\/a><\/div><\/div>\n<\/div><\/div><\/div><\/div><\/div><div class=\"w-tabs-section\" id=\"1528303381184-b8eff0a1-0b34\"><a href=\"#1528303381184-b8eff0a1-0b34\" class=\"w-tabs-section-header\"><div class=\"w-tabs-section-header-h\"><h5 class=\"w-tabs-section-title\">Nos partenaires<\/h5><div class=\"w-tabs-section-control\"><\/div><\/div><\/a><div class=\"w-tabs-section-content\"><div class=\"w-tabs-section-content-h i-cf\"><div class=\"g-cols wpb_row offset_medium vc_inner \"><div class=\" full-width\"><div class=\"wpb_text_column \"><div class=\"wpb_wrapper\">\n<h4><strong>Nous collectons :<\/strong><\/h4>\n<ul>\n<li>Dans les entreprises<\/li>\n<li>Dans les administrations, tr\u00e9soreries, gendarmeries, etc..<\/li>\n<li>Dans les PME<\/li>\n<li>Dans les Etablissements scolaires, depuis les maternelles jusqu\u2019aux Facult\u00e9s<\/li>\n<li>Aupr\u00e8s des particuliers chez lesquels 19 points de collecte, \u00e9quip\u00e9s chacun de 2 bacs, sont r\u00e9partis sur les communes de Nantes et environ.<\/li>\n<li>Dans 24 points publiques\u00a0 (avec 2 bacs)\u00a0 r\u00e9partis sur la commune de Vertou.\u00a0<a title=\"Particuliers\" href=\"https:\/\/www.lespapiersdelespoir.fr\/?page_id=947\">Voir carte d\u2019implantation<\/a>\u00a0D\u2019autres installations sont en projet.<\/li>\n<\/ul>\n<p>Nous demandons \u00e0 nos partenaires de stocker le papier \u00ab\u00a0\u00e9crit blanc\u00a0\u00bb s\u00e9par\u00e9 des autres papiers.<\/p>\n<p>Nous passons \u00e0 la demande, lorsque le stock est plein\u00a0 Il y a alors soit \u00e9change de container soit transfert manuel d\u2019un container au camion.<\/p>\n<p>Nous avons collect\u00e9 en\u00a0<strong>2018 <\/strong>environ 34<strong>00<\/strong>\u00a0tonnes ce qui repr\u00e9sente une moyenne de\u00a0<strong>plus de 15 tonnes de papiers par jour.<\/strong><\/p>\n<p>La flotte de\u00a0<em><strong>Papiers de l\u2019Espoir<\/strong><\/em><\/div> <\/div> <div class=\"w-image \"><img loading=\"lazy\" decoding=\"async\" width=\"1024\" height=\"612\" src=\"https:\/\/www.lespapiersdelespoir.fr\/wp-content\/uploads\/2018\/06\/parc-vehicules-1024x612.jpg\" class=\"attachment-large size-large\" alt=\"\" srcset=\"https:\/\/www.lespapiersdelespoir.fr\/wp-content\/uploads\/2018\/06\/parc-vehicules.jpg 1024w, https:\/\/www.lespapiersdelespoir.fr\/wp-content\/uploads\/2018\/06\/parc-vehicules-300x179.jpg 300w, https:\/\/www.lespapiersdelespoir.fr\/wp-content\/uploads\/2018\/06\/parc-vehicules-768x459.jpg 768w, https:\/\/www.lespapiersdelespoir.fr\/wp-content\/uploads\/2018\/06\/parc-vehicules-600x359.jpg 600w\" sizes=\"auto, (max-width: 1024px) 100vw, 1024px\" \/><\/div><\/div><\/div><\/div><\/div><\/div><\/div><\/div><\/div><\/div><\/div><\/div><\/section>\n","protected":false},"excerpt":{"rendered":"Nos raisons d'\u00eatre Notre structure Notre mode de fonctionnement Notre action dans le domaine scolaire Le d\u00e9veloppement Nos partenaires Nos raisons d'\u00eatre Papiers de l\u2019Espoir est une Association enti\u00e8rement tourn\u00e9e vers son objectif humanitaire : participer \u00e0 des projets \u00e9ducatifs...","protected":false},"author":1,"featured_media":0,"parent":0,"menu_order":0,"comment_status":"closed","ping_status":"closed","template":"","meta":{"footnotes":""},"class_list":["post-5405","page","type-page","status-publish","hentry"],"_links":{"self":[{"href":"https:\/\/www.lespapiersdelespoir.fr\/index.php?rest_route=\/wp\/v2\/pages\/5405","targetHints":{"allow":["GET"]}}],"collection":[{"href":"https:\/\/www.lespapiersdelespoir.fr\/index.php?rest_route=\/wp\/v2\/pages"}],"about":[{"href":"https:\/\/www.lespapiersdelespoir.fr\/index.php?rest_route=\/wp\/v2\/types\/page"}],"author":[{"embeddable":true,"href":"https:\/\/www.lespapiersdelespoir.fr\/index.php?rest_route=\/wp\/v2\/users\/1"}],"replies":[{"embeddable":true,"href":"https:\/\/www.lespapiersdelespoir.fr\/index.php?rest_route=%2Fwp%2Fv2%2Fcomments&post=5405"}],"version-history":[{"count":7,"href":"https:\/\/www.lespapiersdelespoir.fr\/index.php?rest_route=\/wp\/v2\/pages\/5405\/revisions"}],"predecessor-version":[{"id":5756,"href":"https:\/\/www.lespapiersdelespoir.fr\/index.php?rest_route=\/wp\/v2\/pages\/5405\/revisions\/5756"}],"wp:attachment":[{"href":"https:\/\/www.lespapiersdelespoir.fr\/index.php?rest_route=%2Fwp%2Fv2%2Fmedia&parent=5405"}],"curies":[{"name":"wp","href":"https:\/\/api.w.org\/{rel}","templated":true}]}}